{"id":44979,"date":"2024-03-05T22:16:00","date_gmt":"2024-03-05T20:16:00","guid":{"rendered":"https:\/\/kaliszczasemmalowany.pl\/?page_id=44979"},"modified":"2025-08-21T08:10:44","modified_gmt":"2025-08-21T06:10:44","slug":"o-nas","status":"publish","type":"page","link":"https:\/\/kaliszczasemmalowany.pl\/index.php\/o-nas\/","title":{"rendered":"Opowiemy Ci o nas"},"content":{"rendered":"\t\t<div data-elementor-type=\"wp-page\" data-elementor-id=\"44979\" class=\"elementor elementor-44979\" data-elementor-post-type=\"page\">\n\t\t\t\t\t\t<section class=\"elementor-section elementor-top-section elementor-element elementor-element-fcd2fa1 elementor-section-boxed elementor-section-height-default elementor-section-height-default\" data-id=\"fcd2fa1\" data-element_type=\"section\" data-e-type=\"section\">\n\t\t\t\t\t\t<div class=\"elementor-container elementor-column-gap-default\">\n\t\t\t\t\t<div class=\"elementor-column elementor-col-100 elementor-top-column elementor-element elementor-element-8975080\" data-id=\"8975080\" data-element_type=\"column\" data-e-type=\"column\">\n\t\t\t<div class=\"elementor-widget-wrap\">\n\t\t\t\t\t\t\t<\/div>\n\t\t<\/div>\n\t\t\t\t\t<\/div>\n\t\t<\/section>\n\t\t\t\t<section class=\"elementor-section elementor-top-section elementor-element elementor-element-2f38369 elementor-section-boxed elementor-section-height-default elementor-section-height-default\" data-id=\"2f38369\" data-element_type=\"section\" data-e-type=\"section\">\n\t\t\t\t\t\t<div class=\"elementor-container elementor-column-gap-default\">\n\t\t\t\t\t<div class=\"elementor-column elementor-col-100 elementor-top-column elementor-element elementor-element-6a6d4d9\" data-id=\"6a6d4d9\" data-element_type=\"column\" data-e-type=\"column\">\n\t\t\t<div class=\"elementor-widget-wrap\">\n\t\t\t\t\t\t\t<\/div>\n\t\t<\/div>\n\t\t\t\t\t<\/div>\n\t\t<\/section>\n\t\t\t\t<section class=\"elementor-section elementor-top-section elementor-element elementor-element-c66c5c3 elementor-section-boxed elementor-section-height-default elementor-section-height-default\" data-id=\"c66c5c3\" data-element_type=\"section\" data-e-type=\"section\">\n\t\t\t\t\t\t<div class=\"elementor-container elementor-column-gap-default\">\n\t\t\t\t\t<div class=\"elementor-column elementor-col-50 elementor-top-column elementor-element elementor-element-ba98802\" data-id=\"ba98802\" data-element_type=\"column\" data-e-type=\"column\">\n\t\t\t<div class=\"elementor-widget-wrap elementor-element-populated\">\n\t\t\t\t\t\t<div class=\"elementor-element elementor-element-35ec47a elementor-widget elementor-widget-text-editor\" data-id=\"35ec47a\" data-element_type=\"widget\" data-e-type=\"widget\" data-widget_type=\"text-editor.default\">\n\t\t\t\t<div class=\"elementor-widget-container\">\n\t\t\t\t\t\t\t\t\t<p class=\"MsoNormal\"><span style=\"font-size: 14pt; color: #000000;\"><strong>Dlaczego o Kaliszu?<\/strong><\/span><\/p><p class=\"MsoNormal\"><span style=\"font-size: 14pt; color: #000000;\"><strong>Dlaczego kaliszanin i wroc\u0142awianka postanowili <span style=\"font-family: tahoma, arial, helvetica, sans-serif;\">stworzy\u0107<\/span> blog o Kaliszu? Wszystko zacz\u0119\u0142o si\u0119 od zainteresowania fotografi\u0105 miejsk\u0105. Poniewa\u017c losy rzuci\u0142y nas do Kalisza, a miasto jest warte szczeg\u00f3lnej uwagi, stwierdzili\u015bmy po prostu, \u017ce Kalisz jest miastem pi\u0119knym, interesuj\u0105cym, intryguj\u0105cym, tajemniczym, ale jego historia jest przedstawiana w ma\u0142o interesuj\u0105cy spos\u00f3b.<\/strong><\/span><\/p><p class=\"MsoNormal\"><span style=\"font-size: 14pt; color: #000000;\"><strong>Has\u0142em przewodnim naszego bloga jest Kalisz czasem i \u015bwiat\u0142em malowany. Nasze w\u0119dr\u00f3wki po mie\u015bcie w poszukiwaniu \u015bwiat\u0142a i pi\u0119knych obraz\u00f3w owocuj\u0105 fotografiami, kt\u00f3re pokazuj\u0105 jego pi\u0119kno.<\/strong><\/span><\/p><p class=\"MsoNormal\"><span style=\"font-size: 14pt; color: #000000;\"><strong>Spacery po mie\u015bcie ukazuj\u0105 nam tych kt\u00f3rzy Kalisz tworzyli, przywo\u0142uj\u0105 miasto wielokulturowe <span class=\"hgkelc\">i wielonarodowe, w kt\u00f3rym tylko 1\/3 mieszka\u0144c\u00f3w m\u00f3wi\u0142o na co dzie\u0144 w j\u0119zyku ni\u017c polskim. Grecy macedo\u0144scy,<\/span> imigranci z Prus, Saksonii, Brandenburgii, \u015al\u0105ska, \u017bydzi, Rosjanie, Niemcy, prawos\u0142awni, ewangelicy, katolicy, protestanci i <span class=\"hgkelc\">wyznawcy judaizmu. Przedstawiciele wielu profesji, specjalno\u015bci i umiej\u0119tno\u015bci, mijaj\u0105cy du\u017cy wk\u0142ad w rozw\u00f3j miasta. <\/span><\/strong><\/span><\/p><p class=\"MsoNormal\"><span style=\"font-size: 14pt; color: #000000;\"><strong><span class=\"hgkelc\">Pragniemy tak\u017ce prezentowa\u0107<\/span> mieszka\u0144c\u00f3w Kalisza, obywateli, kt\u00f3rzy tworzyli oblicze miasta. Architekt\u00f3w, kupc\u00f3w, rzemie\u015blnik\u00f3w, artyst\u00f3w.<\/strong><\/span><\/p><p>\u00a0<\/p>\t\t\t\t\t\t\t\t<\/div>\n\t\t\t\t<\/div>\n\t\t\t\t\t<\/div>\n\t\t<\/div>\n\t\t\t\t<div class=\"elementor-column elementor-col-50 elementor-top-column elementor-element elementor-element-6df04af\" data-id=\"6df04af\" data-element_type=\"column\" data-e-type=\"column\">\n\t\t\t<div class=\"elementor-widget-wrap elementor-element-populated\">\n\t\t\t\t\t\t<div class=\"elementor-element elementor-element-9acd586 elementor-widget elementor-widget-image\" data-id=\"9acd586\" data-element_type=\"widget\" data-e-type=\"widget\" data-widget_type=\"image.default\">\n\t\t\t\t<div class=\"elementor-widget-container\">\n\t\t\t\t\t\t\t\t\t\t\t\t\t\t\t<img fetchpriority=\"high\" decoding=\"async\" width=\"960\" height=\"638\" src=\"https:\/\/kaliszczasemmalowany.pl\/wp-content\/uploads\/2024\/02\/DSC_0115.jpg\" class=\"attachment-large size-large wp-image-44938\" alt=\"za\u0142o\u017cenie urbanistyczne Kalisza\" srcset=\"https:\/\/kaliszczasemmalowany.pl\/wp-content\/uploads\/2024\/02\/DSC_0115.jpg 2048w, https:\/\/kaliszczasemmalowany.pl\/wp-content\/uploads\/2024\/02\/DSC_0115-768x510.jpg 768w, https:\/\/kaliszczasemmalowany.pl\/wp-content\/uploads\/2024\/02\/DSC_0115-1536x1020.jpg 1536w, https:\/\/kaliszczasemmalowany.pl\/wp-content\/uploads\/2024\/02\/DSC_0115-1140x757.jpg 1140w\" sizes=\"(max-width: 960px) 100vw, 960px\" title=\" - Kalisz Czasem Malowany\" \/>\t\t\t\t\t\t\t\t\t\t\t\t\t\t\t<\/div>\n\t\t\t\t<\/div>\n\t\t\t\t\t<\/div>\n\t\t<\/div>\n\t\t\t\t\t<\/div>\n\t\t<\/section>\n\t\t\t\t<\/div>\n\t\t","protected":false},"excerpt":{"rendered":"<p>Dlaczego kaliszanin i wroc&#322;awianka postanowili stworzy&#263; blog o Kaliszu? Wszystko zacz&#281;&#322;o si&#281; od zainteresowania fotografi&#261; miejsk&#261;. Poniewa&#380; losy rzuci&#322;y nas do Kalisza, a Kalisz miasto pi&#281;kne, tajemnicze i intryguj&#261;ce warte jest szczeg&oacute;lnej uwagi. Has&#322;em przewodnim naszego bloga jest Kalisz czasem i &#347;wiat&#322;em malowany. W&#281;dr&oacute;wki po mie&#347;cie w poszukiwaniu &#347;wiat&#322;a i pi&#281;knych obraz&oacute;w owocuj&#261; fotografiami, kt&oacute;re chcemy wam zaprezentowa&#263;. Spacery po Kaliszu przywo&#322;uj&#261; miasto wielokulturowe i wielonarodowe, w kt&oacute;rym 1\/3 mieszka&#324;c&oacute;w nie m&oacute;wi&#322;o na co dzie&#324; w j&#281;zyku polskim. Grecy macedo&#324;scy, imigranci z Prus, Saksonii, Brandenburgii, &#346;l&#261;ska, &#379;ydzi, Rosjanie, Niemcy, prawos&#322;awni, ewangelicy, katolicy, protestanci i wyznawcy judaizmu. Przedstawiciele wielu profesji, specjalno&#347;ci i umiej&#281;tno&#347;ci warci s&#261; opisania, a ich dzie&#322;a zaprezentowania. Pragniemy tak&#380;e przedstawi&#263; mieszka&#324;c&oacute;w Kalisza architekt&oacute;w, kupc&oacute;w, rzemie&#347;lnik&oacute;w i artyst&oacute;w, kt&oacute;rzy tworzyli oblicze miasta.&nbsp;<\/p>\n","protected":false},"author":3,"featured_media":0,"parent":0,"menu_order":0,"comment_status":"closed","ping_status":"closed","template":"","meta":{"_monsterinsights_skip_tracking":false,"_monsterinsights_sitenote_active":false,"_monsterinsights_sitenote_note":"","_monsterinsights_sitenote_category":0,"footnotes":""},"class_list":["post-44979","page","type-page","status-publish","hentry"],"aioseo_notices":[],"aioseo_head":"\n\t\t<!-- All in One SEO Pro 4.9.0 - aioseo.com -->\n\t<meta name=\"description\" content=\"Fotoblog subiektywny - Opowiemy Ci o nas - Kalisz Czasem Malowany\" \/>\n\t<meta name=\"robots\" content=\"max-image-preview:large\" \/>\n\t<link rel=\"canonical\" href=\"https:\/\/kaliszczasemmalowany.pl\/index.php\/o-nas\/\" \/>\n\t<meta name=\"generator\" content=\"All in One SEO Pro (AIOSEO) 4.9.0\" \/>\n\t\t<meta property=\"og:locale\" content=\"pl_PL\" \/>\n\t\t<meta property=\"og:site_name\" content=\"Kalisz Czasem Malowany - Fotoblog subiektywny\" \/>\n\t\t<meta property=\"og:type\" content=\"non_profit\" \/>\n\t\t<meta property=\"og:title\" content=\"Opowiemy Ci o nas - Kalisz Czasem Malowany\" \/>\n\t\t<meta property=\"og:description\" content=\"Fotoblog subiektywny - Opowiemy Ci o nas - Kalisz Czasem Malowany\" \/>\n\t\t<meta property=\"og:url\" content=\"https:\/\/kaliszczasemmalowany.pl\/index.php\/o-nas\/\" \/>\n\t\t<meta property=\"fb:app_id\" content=\"1247192616682170\" \/>\n\t\t<meta property=\"fb:admins\" content=\"100003136013596,100070523616841,100004477359982\" \/>\n\t\t<meta name=\"twitter:card\" content=\"summary_large_image\" \/>\n\t\t<meta name=\"twitter:site\" content=\"@pik1982dil\" \/>\n\t\t<meta name=\"twitter:title\" content=\"Opowiemy Ci o nas - Kalisz Czasem Malowany\" \/>\n\t\t<meta name=\"twitter:description\" content=\"Fotoblog subiektywny - Opowiemy Ci o nas - Kalisz Czasem Malowany\" \/>\n\t\t<meta name=\"twitter:creator\" content=\"@pik1982dil\" \/>\n\t\t<meta name=\"twitter:label1\" content=\"Autor\" \/>\n\t\t<meta name=\"twitter:data1\" content=\"Pawe\u0142 Liszewski\" \/>\n\t\t<meta name=\"twitter:label2\" content=\"Szac. czas czytania\" \/>\n\t\t<meta name=\"twitter:data2\" content=\"1 minuta\" \/>\n\t\t<script type=\"application\/ld+json\" class=\"aioseo-schema\">\n\t\t\t{\"@context\":\"https:\\\/\\\/schema.org\",\"@graph\":[{\"@type\":\"BreadcrumbList\",\"@id\":\"https:\\\/\\\/kaliszczasemmalowany.pl\\\/index.php\\\/o-nas\\\/#breadcrumblist\",\"itemListElement\":[{\"@type\":\"ListItem\",\"@id\":\"https:\\\/\\\/kaliszczasemmalowany.pl#listItem\",\"position\":1,\"name\":\"Strona g\\u0142\\u00f3wna\",\"item\":\"https:\\\/\\\/kaliszczasemmalowany.pl\",\"nextItem\":{\"@type\":\"ListItem\",\"@id\":\"https:\\\/\\\/kaliszczasemmalowany.pl\\\/index.php\\\/o-nas\\\/#listItem\",\"name\":\"Opowiemy Ci o nas\"}},{\"@type\":\"ListItem\",\"@id\":\"https:\\\/\\\/kaliszczasemmalowany.pl\\\/index.php\\\/o-nas\\\/#listItem\",\"position\":2,\"name\":\"Opowiemy Ci o nas\",\"previousItem\":{\"@type\":\"ListItem\",\"@id\":\"https:\\\/\\\/kaliszczasemmalowany.pl#listItem\",\"name\":\"Strona g\\u0142\\u00f3wna\"}}]},{\"@type\":\"Person\",\"@id\":\"https:\\\/\\\/kaliszczasemmalowany.pl\\\/#person\",\"name\":\"Pawe\\u0142 Liszewski\",\"image\":{\"@type\":\"ImageObject\",\"@id\":\"https:\\\/\\\/kaliszczasemmalowany.pl\\\/index.php\\\/o-nas\\\/#personImage\",\"url\":\"https:\\\/\\\/secure.gravatar.com\\\/avatar\\\/5a5afc29e8abe93f415ca15abf21395d6303ab000250220121432e5aab91966e?s=96&d=mm&r=g\",\"width\":96,\"height\":96,\"caption\":\"Pawe\\u0142 Liszewski\"}},{\"@type\":\"WebPage\",\"@id\":\"https:\\\/\\\/kaliszczasemmalowany.pl\\\/index.php\\\/o-nas\\\/#webpage\",\"url\":\"https:\\\/\\\/kaliszczasemmalowany.pl\\\/index.php\\\/o-nas\\\/\",\"name\":\"Opowiemy Ci o nas - Kalisz Czasem Malowany\",\"description\":\"Fotoblog subiektywny - Opowiemy Ci o nas - Kalisz Czasem Malowany\",\"inLanguage\":\"pl-PL\",\"isPartOf\":{\"@id\":\"https:\\\/\\\/kaliszczasemmalowany.pl\\\/#website\"},\"breadcrumb\":{\"@id\":\"https:\\\/\\\/kaliszczasemmalowany.pl\\\/index.php\\\/o-nas\\\/#breadcrumblist\"},\"datePublished\":\"2024-03-05T22:16:00+02:00\",\"dateModified\":\"2025-08-21T08:10:44+02:00\"},{\"@type\":\"WebSite\",\"@id\":\"https:\\\/\\\/kaliszczasemmalowany.pl\\\/#website\",\"url\":\"https:\\\/\\\/kaliszczasemmalowany.pl\\\/\",\"name\":\"Kalisz Czasem Malowany\",\"description\":\"Fotoblog subiektywny\",\"inLanguage\":\"pl-PL\",\"publisher\":{\"@id\":\"https:\\\/\\\/kaliszczasemmalowany.pl\\\/#person\"}}]}\n\t\t<\/script>\n\t\t<!-- All in One SEO Pro -->\r\n\t\t<title>Opowiemy Ci o nas - Kalisz Czasem Malowany<\/title>\n\n","aioseo_head_json":{"title":"Opowiemy Ci o nas - Kalisz Czasem Malowany","description":"Fotoblog subiektywny - Opowiemy Ci o nas - Kalisz Czasem Malowany","canonical_url":"https:\/\/kaliszczasemmalowany.pl\/index.php\/o-nas\/","robots":"max-image-preview:large","keywords":"","webmasterTools":{"miscellaneous":""},"schema":{"@context":"https:\/\/schema.org","@graph":[{"@type":"BreadcrumbList","@id":"https:\/\/kaliszczasemmalowany.pl\/index.php\/o-nas\/#breadcrumblist","itemListElement":[{"@type":"ListItem","@id":"https:\/\/kaliszczasemmalowany.pl#listItem","position":1,"name":"Strona g\u0142\u00f3wna","item":"https:\/\/kaliszczasemmalowany.pl","nextItem":{"@type":"ListItem","@id":"https:\/\/kaliszczasemmalowany.pl\/index.php\/o-nas\/#listItem","name":"Opowiemy Ci o nas"}},{"@type":"ListItem","@id":"https:\/\/kaliszczasemmalowany.pl\/index.php\/o-nas\/#listItem","position":2,"name":"Opowiemy Ci o nas","previousItem":{"@type":"ListItem","@id":"https:\/\/kaliszczasemmalowany.pl#listItem","name":"Strona g\u0142\u00f3wna"}}]},{"@type":"Person","@id":"https:\/\/kaliszczasemmalowany.pl\/#person","name":"Pawe\u0142 Liszewski","image":{"@type":"ImageObject","@id":"https:\/\/kaliszczasemmalowany.pl\/index.php\/o-nas\/#personImage","url":"https:\/\/secure.gravatar.com\/avatar\/5a5afc29e8abe93f415ca15abf21395d6303ab000250220121432e5aab91966e?s=96&d=mm&r=g","width":96,"height":96,"caption":"Pawe\u0142 Liszewski"}},{"@type":"WebPage","@id":"https:\/\/kaliszczasemmalowany.pl\/index.php\/o-nas\/#webpage","url":"https:\/\/kaliszczasemmalowany.pl\/index.php\/o-nas\/","name":"Opowiemy Ci o nas - Kalisz Czasem Malowany","description":"Fotoblog subiektywny - Opowiemy Ci o nas - Kalisz Czasem Malowany","inLanguage":"pl-PL","isPartOf":{"@id":"https:\/\/kaliszczasemmalowany.pl\/#website"},"breadcrumb":{"@id":"https:\/\/kaliszczasemmalowany.pl\/index.php\/o-nas\/#breadcrumblist"},"datePublished":"2024-03-05T22:16:00+02:00","dateModified":"2025-08-21T08:10:44+02:00"},{"@type":"WebSite","@id":"https:\/\/kaliszczasemmalowany.pl\/#website","url":"https:\/\/kaliszczasemmalowany.pl\/","name":"Kalisz Czasem Malowany","description":"Fotoblog subiektywny","inLanguage":"pl-PL","publisher":{"@id":"https:\/\/kaliszczasemmalowany.pl\/#person"}}]},"og:locale":"pl_PL","og:site_name":"Kalisz Czasem Malowany - Fotoblog subiektywny","og:type":"non_profit","og:title":"Opowiemy Ci o nas - Kalisz Czasem Malowany","og:description":"Fotoblog subiektywny - Opowiemy Ci o nas - Kalisz Czasem Malowany","og:url":"https:\/\/kaliszczasemmalowany.pl\/index.php\/o-nas\/","fb:app_id":"1247192616682170","fb:admins":"100003136013596,100070523616841,100004477359982","twitter:card":"summary_large_image","twitter:site":"@pik1982dil","twitter:title":"Opowiemy Ci o nas - Kalisz Czasem Malowany","twitter:description":"Fotoblog subiektywny - Opowiemy Ci o nas - Kalisz Czasem Malowany","twitter:creator":"@pik1982dil","twitter:label1":"Autor","twitter:data1":"Pawe\u0142 Liszewski","twitter:label2":"Szac. czas czytania","twitter:data2":"1 minuta"},"aioseo_meta_data":{"post_id":"44979","title":null,"description":"#tagline #separator_sa #post_title #separator_sa Kalisz Czasem Malowany","keywords":null,"keyphrases":{"focus":{"keyphrase":"Kalisz Czasem Malowany","score":68,"analysis":{"keyphraseInTitle":{"score":9,"maxScore":9,"error":0},"keyphraseInDescription":{"score":9,"maxScore":9,"error":0},"keyphraseLength":{"score":9,"maxScore":9,"error":0,"length":3},"keyphraseInURL":{"score":1,"maxScore":5,"error":1},"keyphraseInIntroduction":{"score":3,"maxScore":9,"error":1},"keyphraseInSubHeadings":[],"keyphraseInImageAlt":{"score":9,"maxScore":9,"error":0},"keywordDensity":{"score":0,"type":"low","maxScore":9,"error":1}}},"additional":[]},"primary_term":null,"canonical_url":null,"og_title":null,"og_description":null,"og_object_type":"default","og_image_type":"default","og_image_url":null,"og_image_width":null,"og_image_height":null,"og_image_custom_url":null,"og_image_custom_fields":null,"og_video":"","og_custom_url":null,"og_article_section":null,"og_article_tags":null,"twitter_use_og":true,"twitter_card":"default","twitter_image_type":"default","twitter_image_url":null,"twitter_image_custom_url":null,"twitter_image_custom_fields":null,"twitter_title":null,"twitter_description":null,"schema":{"blockGraphs":[],"customGraphs":[],"default":{"data":{"Article":[],"Course":[],"Dataset":[],"FAQPage":[],"Movie":[],"Person":[],"Product":[],"ProductReview":[],"Car":[],"Recipe":[],"Service":[],"SoftwareApplication":[],"WebPage":[]},"graphName":"WebPage","isEnabled":true},"graphs":[]},"schema_type":"default","schema_type_options":null,"pillar_content":false,"robots_default":true,"robots_noindex":false,"robots_noarchive":false,"robots_nosnippet":false,"robots_nofollow":false,"robots_noimageindex":false,"robots_noodp":false,"robots_notranslate":false,"robots_max_snippet":"-1","robots_max_videopreview":"-1","robots_max_imagepreview":"large","priority":null,"frequency":"default","local_seo":null,"seo_analyzer_scan_date":"2025-11-28 15:47:43","breadcrumb_settings":null,"limit_modified_date":false,"reviewed_by":null,"open_ai":"{\"title\":{\"suggestions\":[],\"usage\":0},\"description\":{\"suggestions\":[],\"usage\":0}}","ai":null,"created":"2024-03-05 20:21:23","updated":"2025-11-28 15:47:43"},"aioseo_breadcrumb":"<div class=\"aioseo-breadcrumbs\"><span class=\"aioseo-breadcrumb\">\n\t<a href=\"https:\/\/kaliszczasemmalowany.pl\" title=\"Strona g\u0142\u00f3wna\">Strona g\u0142\u00f3wna<\/a>\n<\/span><span class=\"aioseo-breadcrumb-separator\">\u00bb<\/span><span class=\"aioseo-breadcrumb\">\n\tOpowiemy Ci o nas\n<\/span><\/div>","aioseo_breadcrumb_json":[{"label":"Strona g\u0142\u00f3wna","link":"https:\/\/kaliszczasemmalowany.pl"},{"label":"Opowiemy Ci o nas","link":"https:\/\/kaliszczasemmalowany.pl\/index.php\/o-nas\/"}],"acf":[],"_links":{"self":[{"href":"https:\/\/kaliszczasemmalowany.pl\/index.php\/wp-json\/wp\/v2\/pages\/44979","targetHints":{"allow":["GET"]}}],"collection":[{"href":"https:\/\/kaliszczasemmalowany.pl\/index.php\/wp-json\/wp\/v2\/pages"}],"about":[{"href":"https:\/\/kaliszczasemmalowany.pl\/index.php\/wp-json\/wp\/v2\/types\/page"}],"author":[{"embeddable":true,"href":"https:\/\/kaliszczasemmalowany.pl\/index.php\/wp-json\/wp\/v2\/users\/3"}],"replies":[{"embeddable":true,"href":"https:\/\/kaliszczasemmalowany.pl\/index.php\/wp-json\/wp\/v2\/comments?post=44979"}],"version-history":[{"count":21,"href":"https:\/\/kaliszczasemmalowany.pl\/index.php\/wp-json\/wp\/v2\/pages\/44979\/revisions"}],"predecessor-version":[{"id":47123,"href":"https:\/\/kaliszczasemmalowany.pl\/index.php\/wp-json\/wp\/v2\/pages\/44979\/revisions\/47123"}],"wp:attachment":[{"href":"https:\/\/kaliszczasemmalowany.pl\/index.php\/wp-json\/wp\/v2\/media?parent=44979"}],"curies":[{"name":"wp","href":"https:\/\/api.w.org\/{rel}","templated":true}]}}